{"id":592,"date":"2019-12-03T12:33:09","date_gmt":"2019-12-03T15:33:09","guid":{"rendered":"http:\/\/nuevaweb.familiadeicas.com\/?page_id=592"},"modified":"2020-07-20T12:28:24","modified_gmt":"2020-07-20T15:28:24","slug":"noticias","status":"publish","type":"page","link":"https:\/\/familiadeicas.com\/?page_id=592","title":{"rendered":"Noticias"},"content":{"rendered":"<p><div class=\"fusion-fullwidth fullwidth-box fusion-builder-row-1 fusion-flex-container fusion-parallax-none cabecera hundred-percent-fullwidth non-hundred-percent-height-scrolling\" style=\"background-color: rgba(255,255,255,0);background-image: url(&quot;https:\/\/familiadeicas.com\/wp-content\/uploads\/2019\/12\/cabecera_terroir.jpg&quot;);background-position: center center;background-repeat: no-repeat;border-width: 0px 0px 0px 0px;border-color:#eae9e9;border-style:solid;-webkit-background-size:cover;-moz-background-size:cover;-o-background-size:cover;background-size:cover;\" ><div class=\"fusion-builder-row fusion-row fusion-flex-align-items-flex-start\" style=\"width:calc( 100% + 0px ) !important;max-width:calc( 100% + 0px ) !important;margin-left: calc(-0px \/ 2 );margin-right: calc(-0px \/ 2 );\"><div class=\"fusion-layout-column fusion_builder_column fusion-builder-column-0 fusion_builder_column_1_1 1_1 fusion-flex-column\"><div class=\"fusion-column-wrapper fusion-flex-justify-content-flex-start fusion-content-layout-column\" style=\"background-position:left top;background-repeat:no-repeat;-webkit-background-size:cover;-moz-background-size:cover;-o-background-size:cover;background-size:cover;padding: 0px 0px 0px 0px;\"><div class=\"fusion-text fusion-text-1\"><h2 style=\"text-align: center;\">Noticias<\/h2>\n<\/div><\/div><style type=\"text\/css\">.fusion-body .fusion-builder-column-0{width:100% !important;margin-top : 170px;margin-bottom : 20px;}.fusion-builder-column-0 > .fusion-column-wrapper {padding-top : 0px !important;padding-right : 0px !important;margin-right : 0px;padding-bottom : 0px !important;padding-left : 0px !important;margin-left : 0px;}@media only screen and (max-width:1024px) {.fusion-body .fusion-builder-column-0{width:100% !important;}.fusion-builder-column-0 > .fusion-column-wrapper {margin-right : 0px;margin-left : 0px;}}@media only screen and (max-width:640px) {.fusion-body .fusion-builder-column-0{width:100% !important;}.fusion-builder-column-0 > .fusion-column-wrapper {margin-right : 0px;margin-left : 0px;}}<\/style><\/div><\/div><style type=\"text\/css\">.fusion-body .fusion-flex-container.fusion-builder-row-1{ padding-top : 150px;margin-top : 0;padding-right : 0px;padding-bottom : 0px;margin-bottom : 0;padding-left : 0px;}<\/style><\/div><div class=\"fusion-fullwidth fullwidth-box fusion-builder-row-2 fusion-flex-container borde_cos hundred-percent-fullwidth non-hundred-percent-height-scrolling\" style=\"background-color: #ffffff;background-position: center center;background-repeat: no-repeat;border-width: 0px 0px 0px 0px;border-color:#ffffff;border-style:solid;\" ><div class=\"fusion-builder-row fusion-row fusion-flex-align-items-flex-start\" style=\"width:calc( 100% + 0px ) !important;max-width:calc( 100% + 0px ) !important;margin-left: calc(-0px \/ 2 );margin-right: calc(-0px \/ 2 );\"><div class=\"fusion-layout-column fusion_builder_column fusion-builder-column-1 fusion_builder_column_1_1 1_1 fusion-flex-column fusion-animated\" data-animationType=\"fadeInDown\" data-animationDuration=\"0.3\" data-animationOffset=\"top-into-view\"><div class=\"fusion-column-wrapper fusion-flex-justify-content-flex-start fusion-content-layout-column\" style=\"background-position:left top;background-repeat:no-repeat;-webkit-background-size:cover;-moz-background-size:cover;-o-background-size:cover;background-size:cover;padding: 0px 0px 0px 0px;\"><div class=\"fusion-blog-shortcode fusion-blog-shortcode-1 fusion-blog-archive fusion-blog-layout-medium fusion-blog-pagination\"><div class=\"fusion-posts-container fusion-posts-container-pagination fusion-no-meta-info fusion-blog-rollover\" data-pages=\"4\"><article id=\"blog-1-post-6157\" class=\"fusion-post-medium post-6157 post type-post status-publish format-standard has-post-thumbnail hentry category-sin-categoria\">\n\t<style type=\"text\/css\">\n\t\t\n\t\t\n\t\t\n\t\t\n\t\t\t<\/style>\n\n\n\t\t\t<div class=\"fusion-flexslider flexslider fusion-flexslider-loading fusion-post-slideshow\" style=\"\">\n\t\t<ul class=\"slides\">\n\t\t\t\n\t\t\t\t\t\t\t\t\t\t\t\t\t\t<li><div  class=\"fusion-image-wrapper fusion-image-size-fixed\" aria-haspopup=\"true\">\n\t\t\t\t<img decoding=\"async\" width=\"320\" height=\"202\" src=\"https:\/\/familiadeicas.com\/wp-content\/uploads\/2025\/07\/unnamed-3-320x202.jpg\" class=\"attachment-blog-medium size-blog-medium wp-post-image\" alt=\"\" srcset=\"https:\/\/familiadeicas.com\/wp-content\/uploads\/2025\/07\/unnamed-3-320x202.jpg 320w, https:\/\/familiadeicas.com\/wp-content\/uploads\/2025\/07\/unnamed-3-700x441.jpg 700w\" sizes=\"(max-width: 320px) 100vw, 320px\" \/><div class=\"fusion-rollover\">\n\t<div class=\"fusion-rollover-content\">\n\n\t\t\t\t\n\t\t\n\t\t\t\t\t\t\t\t\t\t\t\t<h4 class=\"fusion-rollover-title\">\n\t\t\t\t\t<a class=\"fusion-rollover-title-link\" href=\"https:\/\/familiadeicas.com\/?p=6157\">\n\t\t\t\t\t\tFamilia Deicas, la mejor experiencia en bodega de Uruguay\t\t\t\t\t<\/a>\n\t\t\t\t<\/h4>\n\t\t\t\n\t\t\t\t\t\t\t\t\n\t\t\n\t\t\t\t\t\t<a class=\"fusion-link-wrapper\" href=\"https:\/\/familiadeicas.com\/?p=6157\" aria-label=\"Familia Deicas, la mejor experiencia en bodega de Uruguay\"><\/a>\n\t<\/div>\n<\/div>\n<\/div>\n<\/li>\n\t\t\t\n\t\t\t\n\t\t\t\t\t\t\t\t\t\t\t\t\t\t\t\t\t\t\t\t\t\t\t\t\t\t\t\t\t\t\t\t\t\t\t\t\t\t\t\t\t\t\t\t\t\t\t\t\t\t\t\t\t\t\t\t\t\t\t\t\t\t\t\t\t\t\t\t<\/ul>\n\t<\/div>\n\t<div class=\"fusion-post-content post-content\"><h2 class=\"blog-shortcode-post-title entry-title\"><a href=\"https:\/\/familiadeicas.com\/?p=6157\">Familia Deicas, la mejor experiencia en bodega de Uruguay<\/a><\/h2><div class=\"fusion-post-content-container\"><p> Noticia     Familia Deicas, la mejor experiencia en bodega de Uruguay   Un reconocimiento que celebra no solo nuestros vinos, sino la manera en que elegimos compartirlos: con calidez, dedicaci\u00f3n y sentido de lugar.       La experiencia enotur\u00edstica de Familia Deicas fue reconocida como la Mejor Experiencia [...]<\/p><\/div><\/div><div class=\"fusion-clearfix\"><\/div><\/article>\n<article id=\"blog-1-post-5812\" class=\"fusion-post-medium post-5812 post type-post status-publish format-standard has-post-thumbnail hentry category-sin-categoria-en\">\n\t<style type=\"text\/css\">\n\t\t\n\t\t\n\t\t\n\t\t\n\t\t\t<\/style>\n\n\n\t\t\t<div class=\"fusion-flexslider flexslider fusion-flexslider-loading fusion-post-slideshow\" style=\"\">\n\t\t<ul class=\"slides\">\n\t\t\t\n\t\t\t\t\t\t\t\t\t\t\t\t\t\t<li><div  class=\"fusion-image-wrapper fusion-image-size-fixed\" aria-haspopup=\"true\">\n\t\t\t\t<img decoding=\"async\" width=\"320\" height=\"202\" src=\"https:\/\/familiadeicas.com\/wp-content\/uploads\/2025\/05\/Foto-banner-principal-Fogon.-Newsletter-de-Bodega-Familia-Deicas-5-320x202.png\" class=\"attachment-blog-medium size-blog-medium wp-post-image\" alt=\"\" srcset=\"https:\/\/familiadeicas.com\/wp-content\/uploads\/2025\/05\/Foto-banner-principal-Fogon.-Newsletter-de-Bodega-Familia-Deicas-5-320x202.png 320w, https:\/\/familiadeicas.com\/wp-content\/uploads\/2025\/05\/Foto-banner-principal-Fogon.-Newsletter-de-Bodega-Familia-Deicas-5-700x441.png 700w\" sizes=\"(max-width: 320px) 100vw, 320px\" \/><div class=\"fusion-rollover\">\n\t<div class=\"fusion-rollover-content\">\n\n\t\t\t\t\n\t\t\n\t\t\t\t\t\t\t\t\t\t\t\t<h4 class=\"fusion-rollover-title\">\n\t\t\t\t\t<a class=\"fusion-rollover-title-link\" href=\"https:\/\/familiadeicas.com\/?p=5812&lang=en\">\n\t\t\t\t\t\t2025 Harvest Report\t\t\t\t\t<\/a>\n\t\t\t\t<\/h4>\n\t\t\t\n\t\t\t\t\t\t\t\t\n\t\t\n\t\t\t\t\t\t<a class=\"fusion-link-wrapper\" href=\"https:\/\/familiadeicas.com\/?p=5812&lang=en\" aria-label=\"2025 Harvest Report\"><\/a>\n\t<\/div>\n<\/div>\n<\/div>\n<\/li>\n\t\t\t\n\t\t\t\n\t\t\t\t\t\t\t\t\t\t\t\t\t\t\t\t\t\t\t\t\t\t\t\t\t\t\t\t\t\t\t\t\t\t\t\t\t\t\t\t\t\t\t\t\t\t\t\t\t\t\t\t\t\t\t\t\t\t\t\t\t\t\t\t\t\t\t\t<\/ul>\n\t<\/div>\n\t<div class=\"fusion-post-content post-content\"><h2 class=\"blog-shortcode-post-title entry-title\"><a href=\"https:\/\/familiadeicas.com\/?p=5812&#038;lang=en\">2025 Harvest Report<\/a><\/h2><div class=\"fusion-post-content-container\"><p> News     2025 Harvest Report   Harvest 2025: unique weather conditions and a 10-day advance define one of the best vintages of the decade.       The 2025 harvest will be remembered as one of the most promising of the past decade. While the weather posed challenges at [...]<\/p><\/div><\/div><div class=\"fusion-clearfix\"><\/div><\/article>\n<article id=\"blog-1-post-5799\" class=\"fusion-post-medium post-5799 post type-post status-publish format-standard has-post-thumbnail hentry category-sin-categoria\">\n\t<style type=\"text\/css\">\n\t\t\n\t\t\n\t\t\n\t\t\n\t\t\t<\/style>\n\n\n\t\t\t<div class=\"fusion-flexslider flexslider fusion-flexslider-loading fusion-post-slideshow\" style=\"\">\n\t\t<ul class=\"slides\">\n\t\t\t\n\t\t\t\t\t\t\t\t\t\t\t\t\t\t<li><div  class=\"fusion-image-wrapper fusion-image-size-fixed\" aria-haspopup=\"true\">\n\t\t\t\t<img decoding=\"async\" width=\"320\" height=\"202\" src=\"https:\/\/familiadeicas.com\/wp-content\/uploads\/2025\/05\/Foto-banner-principal-Fogon.-Newsletter-de-Bodega-Familia-Deicas-5-320x202.png\" class=\"attachment-blog-medium size-blog-medium wp-post-image\" alt=\"\" srcset=\"https:\/\/familiadeicas.com\/wp-content\/uploads\/2025\/05\/Foto-banner-principal-Fogon.-Newsletter-de-Bodega-Familia-Deicas-5-320x202.png 320w, https:\/\/familiadeicas.com\/wp-content\/uploads\/2025\/05\/Foto-banner-principal-Fogon.-Newsletter-de-Bodega-Familia-Deicas-5-700x441.png 700w\" sizes=\"(max-width: 320px) 100vw, 320px\" \/><div class=\"fusion-rollover\">\n\t<div class=\"fusion-rollover-content\">\n\n\t\t\t\t\n\t\t\n\t\t\t\t\t\t\t\t\t\t\t\t<h4 class=\"fusion-rollover-title\">\n\t\t\t\t\t<a class=\"fusion-rollover-title-link\" href=\"https:\/\/familiadeicas.com\/?p=5799\">\n\t\t\t\t\t\tInforme de vendimia 2025\t\t\t\t\t<\/a>\n\t\t\t\t<\/h4>\n\t\t\t\n\t\t\t\t\t\t\t\t\n\t\t\n\t\t\t\t\t\t<a class=\"fusion-link-wrapper\" href=\"https:\/\/familiadeicas.com\/?p=5799\" aria-label=\"Informe de vendimia 2025\"><\/a>\n\t<\/div>\n<\/div>\n<\/div>\n<\/li>\n\t\t\t\n\t\t\t\n\t\t\t\t\t\t\t\t\t\t\t\t\t\t\t\t\t\t\t\t\t\t\t\t\t\t\t\t\t\t\t\t\t\t\t\t\t\t\t\t\t\t\t\t\t\t\t\t\t\t\t\t\t\t\t\t\t\t\t\t\t\t\t\t\t\t\t\t<\/ul>\n\t<\/div>\n\t<div class=\"fusion-post-content post-content\"><h2 class=\"blog-shortcode-post-title entry-title\"><a href=\"https:\/\/familiadeicas.com\/?p=5799\">Informe de vendimia 2025<\/a><\/h2><div class=\"fusion-post-content-container\"><p> Noticia     Informe de Vendimia 2025   Vendimia 2025: condiciones clim\u00e1ticas \u00fanicas y un adelanto de 10 d\u00edas marcan una de las mejores cosechas de la d\u00e9cada.       La vendimia 2025 ser\u00e1 recordada como una de las m\u00e1s prometedoras del \u00faltimo decenio. Las condiciones clim\u00e1ticas, aunque desafiantes [...]<\/p><\/div><\/div><div class=\"fusion-clearfix\"><\/div><\/article>\n<article id=\"blog-1-post-5780\" class=\"fusion-post-medium post-5780 post type-post status-publish format-standard has-post-thumbnail hentry category-sin-categoria-en\">\n\t<style type=\"text\/css\">\n\t\t\n\t\t\n\t\t\n\t\t\n\t\t\t<\/style>\n\n\n\t\t\t<div class=\"fusion-flexslider flexslider fusion-flexslider-loading fusion-post-slideshow\" style=\"\">\n\t\t<ul class=\"slides\">\n\t\t\t\n\t\t\t\t\t\t\t\t\t\t\t\t\t\t<li><div  class=\"fusion-image-wrapper fusion-image-size-fixed\" aria-haspopup=\"true\">\n\t\t\t\t<img decoding=\"async\" width=\"320\" height=\"202\" src=\"https:\/\/familiadeicas.com\/wp-content\/uploads\/2025\/04\/Newsletter-320x202.png\" class=\"attachment-blog-medium size-blog-medium wp-post-image\" alt=\"\" srcset=\"https:\/\/familiadeicas.com\/wp-content\/uploads\/2025\/04\/Newsletter-320x202.png 320w, https:\/\/familiadeicas.com\/wp-content\/uploads\/2025\/04\/Newsletter-700x441.png 700w\" sizes=\"(max-width: 320px) 100vw, 320px\" \/><div class=\"fusion-rollover\">\n\t<div class=\"fusion-rollover-content\">\n\n\t\t\t\t\n\t\t\n\t\t\t\t\t\t\t\t\t\t\t\t<h4 class=\"fusion-rollover-title\">\n\t\t\t\t\t<a class=\"fusion-rollover-title-link\" href=\"https:\/\/familiadeicas.com\/?p=5780&lang=en\">\n\t\t\t\t\t\tA New Malbec from Uco Valley to Discover\t\t\t\t\t<\/a>\n\t\t\t\t<\/h4>\n\t\t\t\n\t\t\t\t\t\t\t\t\n\t\t\n\t\t\t\t\t\t<a class=\"fusion-link-wrapper\" href=\"https:\/\/familiadeicas.com\/?p=5780&lang=en\" aria-label=\"A New Malbec from Uco Valley to Discover\"><\/a>\n\t<\/div>\n<\/div>\n<\/div>\n<\/li>\n\t\t\t\n\t\t\t\n\t\t\t\t\t\t\t\t\t\t\t\t\t\t\t\t\t\t\t\t\t\t\t\t\t\t\t\t\t\t\t\t\t\t\t\t\t\t\t\t\t\t\t\t\t\t\t\t\t\t\t\t\t\t\t\t\t\t\t\t\t\t\t\t\t\t\t\t<\/ul>\n\t<\/div>\n\t<div class=\"fusion-post-content post-content\"><h2 class=\"blog-shortcode-post-title entry-title\"><a href=\"https:\/\/familiadeicas.com\/?p=5780&#038;lang=en\">A New Malbec from Uco Valley to Discover<\/a><\/h2><div class=\"fusion-post-content-container\"><p> News     A New Malbec from Uco Valley to Discover   Familia Deicas crosses borders once again to present Valle de Uco Malbec, a vibrant expression of the iconic Mendocino terroir, furthering its exploration of Argentina's most renowned vineyards.       For years, Bodega Familia Deicas has been [...]<\/p><\/div><\/div><div class=\"fusion-clearfix\"><\/div><\/article>\n<article id=\"blog-1-post-5771\" class=\"fusion-post-medium post-5771 post type-post status-publish format-standard has-post-thumbnail hentry category-sin-categoria\">\n\t<style type=\"text\/css\">\n\t\t\n\t\t\n\t\t\n\t\t\n\t\t\t<\/style>\n\n\n\t\t\t<div class=\"fusion-flexslider flexslider fusion-flexslider-loading fusion-post-slideshow\" style=\"\">\n\t\t<ul class=\"slides\">\n\t\t\t\n\t\t\t\t\t\t\t\t\t\t\t\t\t\t<li><div  class=\"fusion-image-wrapper fusion-image-size-fixed\" aria-haspopup=\"true\">\n\t\t\t\t<img decoding=\"async\" width=\"320\" height=\"202\" src=\"https:\/\/familiadeicas.com\/wp-content\/uploads\/2025\/04\/Newsletter-320x202.png\" class=\"attachment-blog-medium size-blog-medium wp-post-image\" alt=\"\" srcset=\"https:\/\/familiadeicas.com\/wp-content\/uploads\/2025\/04\/Newsletter-320x202.png 320w, https:\/\/familiadeicas.com\/wp-content\/uploads\/2025\/04\/Newsletter-700x441.png 700w\" sizes=\"(max-width: 320px) 100vw, 320px\" \/><div class=\"fusion-rollover\">\n\t<div class=\"fusion-rollover-content\">\n\n\t\t\t\t\n\t\t\n\t\t\t\t\t\t\t\t\t\t\t\t<h4 class=\"fusion-rollover-title\">\n\t\t\t\t\t<a class=\"fusion-rollover-title-link\" href=\"https:\/\/familiadeicas.com\/?p=5771\">\n\t\t\t\t\t\tUn nuevo Malbec del Valle de Uco para descubrir\t\t\t\t\t<\/a>\n\t\t\t\t<\/h4>\n\t\t\t\n\t\t\t\t\t\t\t\t\n\t\t\n\t\t\t\t\t\t<a class=\"fusion-link-wrapper\" href=\"https:\/\/familiadeicas.com\/?p=5771\" aria-label=\"Un nuevo Malbec del Valle de Uco para descubrir\"><\/a>\n\t<\/div>\n<\/div>\n<\/div>\n<\/li>\n\t\t\t\n\t\t\t\n\t\t\t\t\t\t\t\t\t\t\t\t\t\t\t\t\t\t\t\t\t\t\t\t\t\t\t\t\t\t\t\t\t\t\t\t\t\t\t\t\t\t\t\t\t\t\t\t\t\t\t\t\t\t\t\t\t\t\t\t\t\t\t\t\t\t\t\t<\/ul>\n\t<\/div>\n\t<div class=\"fusion-post-content post-content\"><h2 class=\"blog-shortcode-post-title entry-title\"><a href=\"https:\/\/familiadeicas.com\/?p=5771\">Un nuevo Malbec del Valle de Uco para descubrir<\/a><\/h2><div class=\"fusion-post-content-container\"><p> Noticia     Un nuevo Malbec del Valle de Uco para descubrir   Familia Deicas cruza fronteras y presenta Valle de Uco Malbec, una expresi\u00f3n vibrante del emblem\u00e1tico terroir mendocino, consolidando su exploraci\u00f3n de los grandes vi\u00f1edos de Argentina.       Desde hace a\u00f1os, Bodega Familia Deicas viene expandiendo [...]<\/p><\/div><\/div><div class=\"fusion-clearfix\"><\/div><\/article>\n<article id=\"blog-1-post-5091\" class=\"fusion-post-medium post-5091 post type-post status-publish format-standard has-post-thumbnail hentry category-sin-categoria-en\">\n\t<style type=\"text\/css\">\n\t\t\n\t\t\n\t\t\n\t\t\n\t\t\t<\/style>\n\n\n\t\t\t<div class=\"fusion-flexslider flexslider fusion-flexslider-loading fusion-post-slideshow\" style=\"\">\n\t\t<ul class=\"slides\">\n\t\t\t\n\t\t\t\t\t\t\t\t\t\t\t\t\t\t<li><div  class=\"fusion-image-wrapper fusion-image-size-fixed\" aria-haspopup=\"true\">\n\t\t\t\t<img decoding=\"async\" width=\"320\" height=\"202\" src=\"https:\/\/familiadeicas.com\/wp-content\/uploads\/2024\/11\/Foto-banner-principal-Fogon.-Newsletter-de-Bodega-Familia-Deicas-4-320x202.png\" class=\"attachment-blog-medium size-blog-medium wp-post-image\" alt=\"\" srcset=\"https:\/\/familiadeicas.com\/wp-content\/uploads\/2024\/11\/Foto-banner-principal-Fogon.-Newsletter-de-Bodega-Familia-Deicas-4-320x202.png 320w, https:\/\/familiadeicas.com\/wp-content\/uploads\/2024\/11\/Foto-banner-principal-Fogon.-Newsletter-de-Bodega-Familia-Deicas-4-700x441.png 700w\" sizes=\"(max-width: 320px) 100vw, 320px\" \/><div class=\"fusion-rollover\">\n\t<div class=\"fusion-rollover-content\">\n\n\t\t\t\t\n\t\t\n\t\t\t\t\t\t\t\t\t\t\t\t<h4 class=\"fusion-rollover-title\">\n\t\t\t\t\t<a class=\"fusion-rollover-title-link\" href=\"https:\/\/familiadeicas.com\/?p=5091&lang=en\">\n\t\t\t\t\t\tThe Capit\u00e1n Miranda and Familia Deicas: A Toast to Uruguay on the High Seas\t\t\t\t\t<\/a>\n\t\t\t\t<\/h4>\n\t\t\t\n\t\t\t\t\t\t\t\t\n\t\t\n\t\t\t\t\t\t<a class=\"fusion-link-wrapper\" href=\"https:\/\/familiadeicas.com\/?p=5091&lang=en\" aria-label=\"The Capit\u00e1n Miranda and Familia Deicas: A Toast to Uruguay on the High Seas\"><\/a>\n\t<\/div>\n<\/div>\n<\/div>\n<\/li>\n\t\t\t\n\t\t\t\n\t\t\t\t\t\t\t\t\t\t\t\t\t\t\t\t\t\t\t\t\t\t\t\t\t\t\t\t\t\t\t\t\t\t\t\t\t\t\t\t\t\t\t\t\t\t\t\t\t\t\t\t\t\t\t\t\t\t\t\t\t\t\t\t\t\t\t\t<\/ul>\n\t<\/div>\n\t<div class=\"fusion-post-content post-content\"><h2 class=\"blog-shortcode-post-title entry-title\"><a href=\"https:\/\/familiadeicas.com\/?p=5091&#038;lang=en\">The Capit\u00e1n Miranda and Familia Deicas: A Toast to Uruguay on the High Seas<\/a><\/h2><div class=\"fusion-post-content-container\"><p> News     The Capit\u00e1n Miranda and Familia Deicas: A Toast to Uruguay on the High Seas   The Capit\u00e1n Miranda, Uruguay\u2019s training ship, sails the world representing the best of our culture. At Familia Deicas, as a sponsor for over 20 years, we accompany this journey by bringing our wines to every [...]<\/p><\/div><\/div><div class=\"fusion-clearfix\"><\/div><\/article>\n<article id=\"blog-1-post-5086\" class=\"fusion-post-medium post-5086 post type-post status-publish format-standard has-post-thumbnail hentry category-sin-categoria\">\n\t<style type=\"text\/css\">\n\t\t\n\t\t\n\t\t\n\t\t\n\t\t\t<\/style>\n\n\n\t\t\t<div class=\"fusion-flexslider flexslider fusion-flexslider-loading fusion-post-slideshow\" style=\"\">\n\t\t<ul class=\"slides\">\n\t\t\t\n\t\t\t\t\t\t\t\t\t\t\t\t\t\t<li><div  class=\"fusion-image-wrapper fusion-image-size-fixed\" aria-haspopup=\"true\">\n\t\t\t\t<img decoding=\"async\" width=\"320\" height=\"202\" src=\"https:\/\/familiadeicas.com\/wp-content\/uploads\/2024\/11\/Foto-banner-principal-Fogon.-Newsletter-de-Bodega-Familia-Deicas-4-320x202.png\" class=\"attachment-blog-medium size-blog-medium wp-post-image\" alt=\"\" srcset=\"https:\/\/familiadeicas.com\/wp-content\/uploads\/2024\/11\/Foto-banner-principal-Fogon.-Newsletter-de-Bodega-Familia-Deicas-4-320x202.png 320w, https:\/\/familiadeicas.com\/wp-content\/uploads\/2024\/11\/Foto-banner-principal-Fogon.-Newsletter-de-Bodega-Familia-Deicas-4-700x441.png 700w\" sizes=\"(max-width: 320px) 100vw, 320px\" \/><div class=\"fusion-rollover\">\n\t<div class=\"fusion-rollover-content\">\n\n\t\t\t\t\n\t\t\n\t\t\t\t\t\t\t\t\t\t\t\t<h4 class=\"fusion-rollover-title\">\n\t\t\t\t\t<a class=\"fusion-rollover-title-link\" href=\"https:\/\/familiadeicas.com\/?p=5086\">\n\t\t\t\t\t\tEl Capit\u00e1n Miranda y Familia Deicas: Un Brindis por Uruguay en Alta Mar\t\t\t\t\t<\/a>\n\t\t\t\t<\/h4>\n\t\t\t\n\t\t\t\t\t\t\t\t\n\t\t\n\t\t\t\t\t\t<a class=\"fusion-link-wrapper\" href=\"https:\/\/familiadeicas.com\/?p=5086\" aria-label=\"El Capit\u00e1n Miranda y Familia Deicas: Un Brindis por Uruguay en Alta Mar\"><\/a>\n\t<\/div>\n<\/div>\n<\/div>\n<\/li>\n\t\t\t\n\t\t\t\n\t\t\t\t\t\t\t\t\t\t\t\t\t\t\t\t\t\t\t\t\t\t\t\t\t\t\t\t\t\t\t\t\t\t\t\t\t\t\t\t\t\t\t\t\t\t\t\t\t\t\t\t\t\t\t\t\t\t\t\t\t\t\t\t\t\t\t\t<\/ul>\n\t<\/div>\n\t<div class=\"fusion-post-content post-content\"><h2 class=\"blog-shortcode-post-title entry-title\"><a href=\"https:\/\/familiadeicas.com\/?p=5086\">El Capit\u00e1n Miranda y Familia Deicas: Un Brindis por Uruguay en Alta Mar<\/a><\/h2><div class=\"fusion-post-content-container\"><p> Noticia     El Capit\u00e1n Miranda y Familia Deicas: Un Brindis por Uruguay en Alta Mar   El Capit\u00e1n Miranda, buque escuela de Uruguay, recorre el mundo representando lo mejor de nuestra cultura. En Familia Deicas, como patrocinador desde hace m\u00e1s de 20 a\u00f1os, acompa\u00f1amos este viaje llevando sus vinos a cada puerto. [...]<\/p><\/div><\/div><div class=\"fusion-clearfix\"><\/div><\/article>\n<article id=\"blog-1-post-4974\" class=\"fusion-post-medium post-4974 post type-post status-publish format-standard has-post-thumbnail hentry category-sin-categoria\">\n\t<style type=\"text\/css\">\n\t\t\n\t\t\n\t\t\n\t\t\n\t\t\t<\/style>\n\n\n\t\t\t<div class=\"fusion-flexslider flexslider fusion-flexslider-loading fusion-post-slideshow\" style=\"\">\n\t\t<ul class=\"slides\">\n\t\t\t\n\t\t\t\t\t\t\t\t\t\t\t\t\t\t<li><div  class=\"fusion-image-wrapper fusion-image-size-fixed\" aria-haspopup=\"true\">\n\t\t\t\t<img decoding=\"async\" width=\"320\" height=\"202\" src=\"https:\/\/familiadeicas.com\/wp-content\/uploads\/2024\/11\/CRU-MERLOT-320x202.jpg\" class=\"attachment-blog-medium size-blog-medium wp-post-image\" alt=\"\" srcset=\"https:\/\/familiadeicas.com\/wp-content\/uploads\/2024\/11\/CRU-MERLOT-320x202.jpg 320w, https:\/\/familiadeicas.com\/wp-content\/uploads\/2024\/11\/CRU-MERLOT-700x441.jpg 700w\" sizes=\"(max-width: 320px) 100vw, 320px\" \/><div class=\"fusion-rollover\">\n\t<div class=\"fusion-rollover-content\">\n\n\t\t\t\t\n\t\t\n\t\t\t\t\t\t\t\t\t\t\t\t<h4 class=\"fusion-rollover-title\">\n\t\t\t\t\t<a class=\"fusion-rollover-title-link\" href=\"https:\/\/familiadeicas.com\/?p=4974\">\n\t\t\t\t\t\tEl Merlot uruguayo que redefine un est\u00e1ndar global.\t\t\t\t\t<\/a>\n\t\t\t\t<\/h4>\n\t\t\t\n\t\t\t\t\t\t\t\t\n\t\t\n\t\t\t\t\t\t<a class=\"fusion-link-wrapper\" href=\"https:\/\/familiadeicas.com\/?p=4974\" aria-label=\"El Merlot uruguayo que redefine un est\u00e1ndar global.\"><\/a>\n\t<\/div>\n<\/div>\n<\/div>\n<\/li>\n\t\t\t\n\t\t\t\n\t\t\t\t\t\t\t\t\t\t\t\t\t\t\t\t\t\t\t\t\t\t\t\t\t\t\t\t\t\t\t\t\t\t\t\t\t\t\t\t\t\t\t\t\t\t\t\t\t\t\t\t\t\t\t\t\t\t\t\t\t\t\t\t\t\t\t\t<\/ul>\n\t<\/div>\n\t<div class=\"fusion-post-content post-content\"><h2 class=\"blog-shortcode-post-title entry-title\"><a href=\"https:\/\/familiadeicas.com\/?p=4974\">El Merlot uruguayo que redefine un est\u00e1ndar global.<\/a><\/h2><div class=\"fusion-post-content-container\"><p> Noticia     El Merlot uruguayo que redefine un est\u00e1ndar global.   Con un terroir que guarda notables paralelismos con Pomerol, el Merlot de Canelones es una joya oculta que cautiva. Descubre la historia de nuestro Cru D'Exception Merlot, un vino que combina a la perfecci\u00f3n tradici\u00f3n e innovaci\u00f3n.     [...]<\/p><\/div><\/div><div class=\"fusion-clearfix\"><\/div><\/article>\n<article id=\"blog-1-post-4969\" class=\"fusion-post-medium post-4969 post type-post status-publish format-standard has-post-thumbnail hentry category-sin-categoria-en\">\n\t<style type=\"text\/css\">\n\t\t\n\t\t\n\t\t\n\t\t\n\t\t\t<\/style>\n\n\n\t\t\t<div class=\"fusion-flexslider flexslider fusion-flexslider-loading fusion-post-slideshow\" style=\"\">\n\t\t<ul class=\"slides\">\n\t\t\t\n\t\t\t\t\t\t\t\t\t\t\t\t\t\t<li><div  class=\"fusion-image-wrapper fusion-image-size-fixed\" aria-haspopup=\"true\">\n\t\t\t\t<img decoding=\"async\" width=\"320\" height=\"202\" src=\"https:\/\/familiadeicas.com\/wp-content\/uploads\/2024\/11\/CRU-MERLOT-320x202.jpg\" class=\"attachment-blog-medium size-blog-medium wp-post-image\" alt=\"\" srcset=\"https:\/\/familiadeicas.com\/wp-content\/uploads\/2024\/11\/CRU-MERLOT-320x202.jpg 320w, https:\/\/familiadeicas.com\/wp-content\/uploads\/2024\/11\/CRU-MERLOT-700x441.jpg 700w\" sizes=\"(max-width: 320px) 100vw, 320px\" \/><div class=\"fusion-rollover\">\n\t<div class=\"fusion-rollover-content\">\n\n\t\t\t\t\n\t\t\n\t\t\t\t\t\t\t\t\t\t\t\t<h4 class=\"fusion-rollover-title\">\n\t\t\t\t\t<a class=\"fusion-rollover-title-link\" href=\"https:\/\/familiadeicas.com\/?p=4969&lang=en\">\n\t\t\t\t\t\tThe Uruguayan Merlot redefining a global standard\t\t\t\t\t<\/a>\n\t\t\t\t<\/h4>\n\t\t\t\n\t\t\t\t\t\t\t\t\n\t\t\n\t\t\t\t\t\t<a class=\"fusion-link-wrapper\" href=\"https:\/\/familiadeicas.com\/?p=4969&lang=en\" aria-label=\"The Uruguayan Merlot redefining a global standard\"><\/a>\n\t<\/div>\n<\/div>\n<\/div>\n<\/li>\n\t\t\t\n\t\t\t\n\t\t\t\t\t\t\t\t\t\t\t\t\t\t\t\t\t\t\t\t\t\t\t\t\t\t\t\t\t\t\t\t\t\t\t\t\t\t\t\t\t\t\t\t\t\t\t\t\t\t\t\t\t\t\t\t\t\t\t\t\t\t\t\t\t\t\t\t<\/ul>\n\t<\/div>\n\t<div class=\"fusion-post-content post-content\"><h2 class=\"blog-shortcode-post-title entry-title\"><a href=\"https:\/\/familiadeicas.com\/?p=4969&#038;lang=en\">The Uruguayan Merlot redefining a global standard<\/a><\/h2><div class=\"fusion-post-content-container\"><p> News     The Uruguayan Merlot redefining a global standard   With a terroir that draws striking parallels to Pomerol, the Merlot of Canelones is a hidden gem that captivates. Discover the story of our Cru D\u2019Exception Merlot, a wine that seamlessly blends tradition and innovation.     With a terroir [...]<\/p><\/div><\/div><div class=\"fusion-clearfix\"><\/div><\/article>\n<article id=\"blog-1-post-4964\" class=\"fusion-post-medium post-4964 post type-post status-publish format-standard has-post-thumbnail hentry category-sin-categoria-en\">\n\t<style type=\"text\/css\">\n\t\t\n\t\t\n\t\t\n\t\t\n\t\t\t<\/style>\n\n\n\t\t\t<div class=\"fusion-flexslider flexslider fusion-flexslider-loading fusion-post-slideshow\" style=\"\">\n\t\t<ul class=\"slides\">\n\t\t\t\n\t\t\t\t\t\t\t\t\t\t\t\t\t\t<li><div  class=\"fusion-image-wrapper fusion-image-size-fixed\" aria-haspopup=\"true\">\n\t\t\t\t<img decoding=\"async\" width=\"320\" height=\"202\" src=\"https:\/\/familiadeicas.com\/wp-content\/uploads\/2024\/10\/Nota-320x202.jpg\" class=\"attachment-blog-medium size-blog-medium wp-post-image\" alt=\"\" srcset=\"https:\/\/familiadeicas.com\/wp-content\/uploads\/2024\/10\/Nota-320x202.jpg 320w, https:\/\/familiadeicas.com\/wp-content\/uploads\/2024\/10\/Nota-700x441.jpg 700w\" sizes=\"(max-width: 320px) 100vw, 320px\" \/><div class=\"fusion-rollover\">\n\t<div class=\"fusion-rollover-content\">\n\n\t\t\t\t\n\t\t\n\t\t\t\t\t\t\t\t\t\t\t\t<h4 class=\"fusion-rollover-title\">\n\t\t\t\t\t<a class=\"fusion-rollover-title-link\" href=\"https:\/\/familiadeicas.com\/?p=4964&lang=en\">\n\t\t\t\t\t\tBodega Familia Deicas and the Success of Preludio at Chicago Gourmet 2024\t\t\t\t\t<\/a>\n\t\t\t\t<\/h4>\n\t\t\t\n\t\t\t\t\t\t\t\t\n\t\t\n\t\t\t\t\t\t<a class=\"fusion-link-wrapper\" href=\"https:\/\/familiadeicas.com\/?p=4964&lang=en\" aria-label=\"Bodega Familia Deicas and the Success of Preludio at Chicago Gourmet 2024\"><\/a>\n\t<\/div>\n<\/div>\n<\/div>\n<\/li>\n\t\t\t\n\t\t\t\n\t\t\t\t\t\t\t\t\t\t\t\t\t\t\t\t\t\t\t\t\t\t\t\t\t\t\t\t\t\t\t\t\t\t\t\t\t\t\t\t\t\t\t\t\t\t\t\t\t\t\t\t\t\t\t\t\t\t\t\t\t\t\t\t\t\t\t\t<\/ul>\n\t<\/div>\n\t<div class=\"fusion-post-content post-content\"><h2 class=\"blog-shortcode-post-title entry-title\"><a href=\"https:\/\/familiadeicas.com\/?p=4964&#038;lang=en\">Bodega Familia Deicas and the Success of Preludio at Chicago Gourmet 2024<\/a><\/h2><div class=\"fusion-post-content-container\"><p> News     Bodega Familia Deicas and the Success of Preludio at Chicago Gourmet 2024   The Chicago Gourmet 2024 at Millennium Park showcased global cuisine and wines, with our wine Preludio shining as an icon of Uruguayan viticulture.     The recent Chicago Gourmet 2024 was a celebration of culinary [...]<\/p><\/div><\/div><div class=\"fusion-clearfix\"><\/div><\/article>\n<article id=\"blog-1-post-4953\" class=\"fusion-post-medium post-4953 post type-post status-publish format-standard has-post-thumbnail hentry category-sin-categoria\">\n\t<style type=\"text\/css\">\n\t\t\n\t\t\n\t\t\n\t\t\n\t\t\t<\/style>\n\n\n\t\t\t<div class=\"fusion-flexslider flexslider fusion-flexslider-loading fusion-post-slideshow\" style=\"\">\n\t\t<ul class=\"slides\">\n\t\t\t\n\t\t\t\t\t\t\t\t\t\t\t\t\t\t<li><div  class=\"fusion-image-wrapper fusion-image-size-fixed\" aria-haspopup=\"true\">\n\t\t\t\t<img decoding=\"async\" width=\"320\" height=\"202\" src=\"https:\/\/familiadeicas.com\/wp-content\/uploads\/2024\/10\/Nota-320x202.jpg\" class=\"attachment-blog-medium size-blog-medium wp-post-image\" alt=\"\" srcset=\"https:\/\/familiadeicas.com\/wp-content\/uploads\/2024\/10\/Nota-320x202.jpg 320w, https:\/\/familiadeicas.com\/wp-content\/uploads\/2024\/10\/Nota-700x441.jpg 700w\" sizes=\"(max-width: 320px) 100vw, 320px\" \/><div class=\"fusion-rollover\">\n\t<div class=\"fusion-rollover-content\">\n\n\t\t\t\t\n\t\t\n\t\t\t\t\t\t\t\t\t\t\t\t<h4 class=\"fusion-rollover-title\">\n\t\t\t\t\t<a class=\"fusion-rollover-title-link\" href=\"https:\/\/familiadeicas.com\/?p=4953\">\n\t\t\t\t\t\tBodega Familia Deicas y el \u00e9xito de Preludio en Chicago Gourmet 2024\t\t\t\t\t<\/a>\n\t\t\t\t<\/h4>\n\t\t\t\n\t\t\t\t\t\t\t\t\n\t\t\n\t\t\t\t\t\t<a class=\"fusion-link-wrapper\" href=\"https:\/\/familiadeicas.com\/?p=4953\" aria-label=\"Bodega Familia Deicas y el \u00e9xito de Preludio en Chicago Gourmet 2024\"><\/a>\n\t<\/div>\n<\/div>\n<\/div>\n<\/li>\n\t\t\t\n\t\t\t\n\t\t\t\t\t\t\t\t\t\t\t\t\t\t\t\t\t\t\t\t\t\t\t\t\t\t\t\t\t\t\t\t\t\t\t\t\t\t\t\t\t\t\t\t\t\t\t\t\t\t\t\t\t\t\t\t\t\t\t\t\t\t\t\t\t\t\t\t<\/ul>\n\t<\/div>\n\t<div class=\"fusion-post-content post-content\"><h2 class=\"blog-shortcode-post-title entry-title\"><a href=\"https:\/\/familiadeicas.com\/?p=4953\">Bodega Familia Deicas y el \u00e9xito de Preludio en Chicago Gourmet 2024<\/a><\/h2><div class=\"fusion-post-content-container\"><p> Noticia     Bodega Familia Deicas y el \u00e9xito de Preludio en Chicago Gourmet 2024.   El Chicago Gourmet 2024 en Millennium Park destac\u00f3 la gastronom\u00eda y los vinos del mundo, con nuestro vino Preludio brillando como \u00edcono de la viticultura uruguaya.     El reciente Chicago Gourmet 2024 fue testigo [...]<\/p><\/div><\/div><div class=\"fusion-clearfix\"><\/div><\/article>\n<article id=\"blog-1-post-4882\" class=\"fusion-post-medium post-4882 post type-post status-publish format-standard has-post-thumbnail hentry category-sin-categoria-en\">\n\t<style type=\"text\/css\">\n\t\t\n\t\t\n\t\t\n\t\t\n\t\t\t<\/style>\n\n\n\t\t\t<div class=\"fusion-flexslider flexslider fusion-flexslider-loading fusion-post-slideshow\" style=\"\">\n\t\t<ul class=\"slides\">\n\t\t\t\n\t\t\t\t\t\t\t\t\t\t\t\t\t\t<li><div  class=\"fusion-image-wrapper fusion-image-size-fixed\" aria-haspopup=\"true\">\n\t\t\t\t<img decoding=\"async\" width=\"320\" height=\"202\" src=\"https:\/\/familiadeicas.com\/wp-content\/uploads\/2024\/09\/1E9A2859-320x202.jpg\" class=\"attachment-blog-medium size-blog-medium wp-post-image\" alt=\"\" srcset=\"https:\/\/familiadeicas.com\/wp-content\/uploads\/2024\/09\/1E9A2859-320x202.jpg 320w, https:\/\/familiadeicas.com\/wp-content\/uploads\/2024\/09\/1E9A2859-700x441.jpg 700w\" sizes=\"(max-width: 320px) 100vw, 320px\" \/><div class=\"fusion-rollover\">\n\t<div class=\"fusion-rollover-content\">\n\n\t\t\t\t\n\t\t\n\t\t\t\t\t\t\t\t\t\t\t\t<h4 class=\"fusion-rollover-title\">\n\t\t\t\t\t<a class=\"fusion-rollover-title-link\" href=\"https:\/\/familiadeicas.com\/?p=4882&lang=en\">\n\t\t\t\t\t\tPreludio: The Art of Creating a Uruguayan Icon\t\t\t\t\t<\/a>\n\t\t\t\t<\/h4>\n\t\t\t\n\t\t\t\t\t\t\t\t\n\t\t\n\t\t\t\t\t\t<a class=\"fusion-link-wrapper\" href=\"https:\/\/familiadeicas.com\/?p=4882&lang=en\" aria-label=\"Preludio: The Art of Creating a Uruguayan Icon\"><\/a>\n\t<\/div>\n<\/div>\n<\/div>\n<\/li>\n\t\t\t\n\t\t\t\n\t\t\t\t\t\t\t\t\t\t\t\t\t\t\t\t\t\t\t\t\t\t\t\t\t\t\t\t\t\t\t\t\t\t\t\t\t\t\t\t\t\t\t\t\t\t\t\t\t\t\t\t\t\t\t\t\t\t\t\t\t\t\t\t\t\t\t\t<\/ul>\n\t<\/div>\n\t<div class=\"fusion-post-content post-content\"><h2 class=\"blog-shortcode-post-title entry-title\"><a href=\"https:\/\/familiadeicas.com\/?p=4882&#038;lang=en\">Preludio: The Art of Creating a Uruguayan Icon<\/a><\/h2><div class=\"fusion-post-content-container\"><p> News     Preludio: The Art of Creating a Uruguayan Icon   Aged in the historic Cava Preludio, this wine is a masterpiece that strikes the perfect balance between tradition, terroir, and the influence of the ocean.     Since its first vintage in 1992, Preludio has been recognized as one [...]<\/p><\/div><\/div><div class=\"fusion-clearfix\"><\/div><\/article>\n<\/div><div class=\"pagination clearfix\"><span class=\"current\">1<\/span><a href=\"https:\/\/familiadeicas.com\/index.php?rest_route=%2Fwp%2Fv2%2Fpages%2F592&#038;paged=2\" class=\"inactive\">2<\/a><a class=\"pagination-next\" rel=\"next\" href=\"https:\/\/familiadeicas.com\/index.php?rest_route=%2Fwp%2Fv2%2Fpages%2F592&#038;paged=2\"><span class=\"page-text\">Next<\/span><span class=\"page-next\"><\/span><\/a><\/div><div class=\"fusion-clearfix\"><\/div><\/div><\/div><style type=\"text\/css\">.fusion-body .fusion-builder-column-1{width:100% !important;margin-top : 0px;margin-bottom : 20px;}.fusion-builder-column-1 > .fusion-column-wrapper {padding-top : 0px !important;padding-right : 0px !important;margin-right : 0px;padding-bottom : 0px !important;padding-left : 0px !important;margin-left : 0px;}@media only screen and (max-width:1024px) {.fusion-body .fusion-builder-column-1{width:100% !important;}.fusion-builder-column-1 > .fusion-column-wrapper {margin-right : 0px;margin-left : 0px;}}@media only screen and (max-width:640px) {.fusion-body .fusion-builder-column-1{width:100% !important;}.fusion-builder-column-1 > .fusion-column-wrapper {margin-right : 0px;margin-left : 0px;}}<\/style><\/div><\/div><style type=\"text\/css\">.fusion-body .fusion-flex-container.fusion-builder-row-2{ padding-top : 40px;margin-top : 20px;padding-right : 20%;padding-bottom : 0px;margin-bottom : 40px;padding-left : 20%;}<\/style><\/div><\/p>\n","protected":false},"excerpt":{"rendered":"","protected":false},"author":1,"featured_media":0,"parent":0,"menu_order":99,"comment_status":"closed","ping_status":"closed","template":"100-width.php","meta":{"_monsterinsights_skip_tracking":false,"_joinchat":[],"footnotes":""},"class_list":["post-592","page","type-page","status-publish","hentry"],"_links":{"self":[{"href":"https:\/\/familiadeicas.com\/index.php?rest_route=\/wp\/v2\/pages\/592","targetHints":{"allow":["GET"]}}],"collection":[{"href":"https:\/\/familiadeicas.com\/index.php?rest_route=\/wp\/v2\/pages"}],"about":[{"href":"https:\/\/familiadeicas.com\/index.php?rest_route=\/wp\/v2\/types\/page"}],"author":[{"embeddable":true,"href":"https:\/\/familiadeicas.com\/index.php?rest_route=\/wp\/v2\/users\/1"}],"replies":[{"embeddable":true,"href":"https:\/\/familiadeicas.com\/index.php?rest_route=%2Fwp%2Fv2%2Fcomments&post=592"}],"version-history":[{"count":0,"href":"https:\/\/familiadeicas.com\/index.php?rest_route=\/wp\/v2\/pages\/592\/revisions"}],"wp:attachment":[{"href":"https:\/\/familiadeicas.com\/index.php?rest_route=%2Fwp%2Fv2%2Fmedia&parent=592"}],"curies":[{"name":"wp","href":"https:\/\/api.w.org\/{rel}","templated":true}]}}